{"id":3868,"date":"2023-03-13T16:48:06","date_gmt":"2023-03-13T15:48:06","guid":{"rendered":"https:\/\/www.nidauer-stedtlifest.ch\/nidauer-stedtlifest\/"},"modified":"2026-04-22T12:10:52","modified_gmt":"2026-04-22T10:10:52","slug":"nidauer-stedtlifest","status":"publish","type":"page","link":"https:\/\/www.nidauer-stedtlifest.ch\/fr\/","title":{"rendered":"Nidauer Stedtlifest"},"content":{"rendered":"\t\t<div data-elementor-type=\"wp-page\" data-elementor-id=\"3868\" class=\"elementor elementor-3868 elementor-3399\" data-elementor-post-type=\"page\">\n\t\t\t\t\t\t<section class=\"elementor-section elementor-top-section elementor-element elementor-element-06fc570 elementor-section-full_width elementor-section-height-min-height elementor-section-height-default elementor-section-items-middle\" data-id=\"06fc570\" data-element_type=\"section\" data-e-type=\"section\">\n\t\t\t\t\t\t<div class=\"elementor-container elementor-column-gap-default\">\n\t\t\t\t\t<div class=\"elementor-column elementor-col-100 elementor-top-column elementor-element elementor-element-0c5075c\" data-id=\"0c5075c\" data-element_type=\"column\" data-e-type=\"column\">\n\t\t\t<div class=\"elementor-widget-wrap elementor-element-populated\">\n\t\t\t\t\t\t<div class=\"elementor-element elementor-element-9bb4213 elementor--h-position-center elementor--v-position-middle elementor-widget elementor-widget-slides\" data-id=\"9bb4213\" data-element_type=\"widget\" data-e-type=\"widget\" data-settings=\"{&quot;navigation&quot;:&quot;none&quot;,&quot;transition&quot;:&quot;fade&quot;,&quot;autoplay&quot;:&quot;yes&quot;,&quot;autoplay_speed&quot;:5000,&quot;infinite&quot;:&quot;yes&quot;,&quot;transition_speed&quot;:500}\" data-widget_type=\"slides.default\">\n\t\t\t\t<div class=\"elementor-widget-container\">\n\t\t\t\t\t\t\t\t\t<div class=\"elementor-swiper\">\n\t\t\t\t\t<div class=\"elementor-slides-wrapper elementor-main-swiper swiper\" role=\"region\" aria-roledescription=\"carousel\" aria-label=\"Slider\" dir=\"ltr\" data-animation=\"fadeInUp\">\n\t\t\t\t<div class=\"swiper-wrapper elementor-slides\">\n\t\t\t\t\t\t\t\t\t\t<div class=\"elementor-repeater-item-468ebc2 swiper-slide\" role=\"group\" aria-roledescription=\"slide\"><div class=\"swiper-slide-bg\" role=\"img\" aria-label=\"Screenshot\"><\/div><div class=\"elementor-background-overlay\"><\/div><a class=\"swiper-slide-inner\" href=\"https:\/\/www.nidauer-stedtlifest.ch\/fr\/visiteurs\/\"><div class=\"swiper-slide-contents\"><div class=\"elementor-slide-heading\">Nidauer Stedtlifest<\/div><div class=\"elementor-slide-description\"><p>29 et 30 mai 2026<\/p>\n<\/div><\/div><\/a><\/div><div class=\"elementor-repeater-item-0609f94 swiper-slide\" role=\"group\" aria-roledescription=\"slide\"><div class=\"swiper-slide-bg\" role=\"img\" aria-label=\"Yellow and red onions. Nature  background\"><\/div><a class=\"swiper-slide-inner\" href=\"https:\/\/www.nidauer-stedtlifest.ch\/fr\/zibelemaerit-2025\/\"><div class=\"swiper-slide-contents\"><div class=\"elementor-slide-heading\">Nidauer Zibelem\u00e4rit<\/div><div class=\"elementor-slide-description\"><p>Samedi 24 octobre 2026<\/p>\n<\/div><\/div><\/a><\/div>\t\t\t\t<\/div>\n\t\t\t\t\t\t\t\t\t\t\t\t\t\t\t\t\t\t\t\t\t<\/div>\n\t\t\t\t<\/div>\n\t\t\t\t\t\t\t\t<\/div>\n\t\t\t\t<\/div>\n\t\t\t\t\t<\/div>\n\t\t<\/div>\n\t\t\t\t\t<\/div>\n\t\t<\/section>\n\t\t\t\t<section class=\"elementor-section elementor-top-section elementor-element elementor-element-c685049 elementor-section-boxed elementor-section-height-default elementor-section-height-default\" data-id=\"c685049\" data-element_type=\"section\" data-e-type=\"section\" data-settings=\"{&quot;background_background&quot;:&quot;classic&quot;}\">\n\t\t\t\t\t\t<div class=\"elementor-container elementor-column-gap-default\">\n\t\t\t\t\t<div class=\"elementor-column elementor-col-100 elementor-top-column elementor-element elementor-element-4472486\" data-id=\"4472486\" data-element_type=\"column\" data-e-type=\"column\">\n\t\t\t<div class=\"elementor-widget-wrap elementor-element-populated\">\n\t\t\t\t\t\t<div class=\"elementor-element elementor-element-4e24701 elementor-widget elementor-widget-text-editor\" data-id=\"4e24701\" data-element_type=\"widget\" data-e-type=\"widget\" data-widget_type=\"text-editor.default\">\n\t\t\t\t<div class=\"elementor-widget-container\">\n\t\t\t\t\t\t\t\t\t<h2 style=\"color: #12519b;\">Nidauer Stedtlifest 2026 \u2013 du 29 au 30 mai<\/h2>\t\t\t\t\t\t\t\t<\/div>\n\t\t\t\t<\/div>\n\t\t\t\t<div class=\"elementor-element elementor-element-61fda45 dce-posts-layout-overlay dce-col-2 dce-align-center dce-col-tablet-3 dce-col-mobile-1 elementor-widget elementor-widget-dce-dynamicposts-v2\" data-id=\"61fda45\" data-element_type=\"widget\" data-e-type=\"widget\" data-settings=\"{&quot;style_items&quot;:&quot;overlay&quot;,&quot;templatemode_linkable&quot;:&quot;yes&quot;,&quot;grid_match_height&quot;:&quot;yes&quot;,&quot;grid_grid_type&quot;:&quot;flex&quot;}\" data-widget_type=\"dce-dynamicposts-v2.grid\">\n\t\t\t\t<div class=\"elementor-widget-container\">\n\t\t\t\t\t\n\t\t<div class=\"dce-fix-background-loop dce-posts-container dce-posts dce-dynamic-posts-collection  dce-skin-grid dce-skin-grid-flex\">\n\t\t\t\t\t\t<div class=\"dce-posts-wrapper dce-wrapper-grid\">\n\t\t\t\n\t\t<article class=\"post-3858 page type-page status-publish has-post-thumbnail dce-post dce-post-item dce-item-grid\" data-dce-post-id=\"3858\" data-dce-post-index=\"0\" data-post-link=\"https:\/\/www.nidauer-stedtlifest.ch\/fr\/visiteurs\/\">\n\t\t\t<div class=\"dce-post-block\">\n\t\t<div class=\"dce-image-area dce-item-area\"><div class=\"dce-item dce-item_image elementor-repeater-item-a92bea0\"><a class=\"dce-post-image\" href=\"https:\/\/www.nidauer-stedtlifest.ch\/fr\/visiteurs\/\"><figure data-image-ratio=\"0.67\" class=\"dce-img\"><img fetchpriority=\"high\" decoding=\"async\" width=\"1024\" height=\"683\" src=\"https:\/\/www.nidauer-stedtlifest.ch\/wp-content\/uploads\/2023\/03\/img-stedtlifest-2022-09-1024x683.jpg\" class=\"\" alt=\"Nidauer Stedtlifest 2026\" srcset=\"https:\/\/www.nidauer-stedtlifest.ch\/wp-content\/uploads\/2023\/03\/img-stedtlifest-2022-09-1024x683.jpg 1024w, https:\/\/www.nidauer-stedtlifest.ch\/wp-content\/uploads\/2023\/03\/img-stedtlifest-2022-09-900x600.jpg 900w, https:\/\/www.nidauer-stedtlifest.ch\/wp-content\/uploads\/2023\/03\/img-stedtlifest-2022-09-768x512.jpg 768w, https:\/\/www.nidauer-stedtlifest.ch\/wp-content\/uploads\/2023\/03\/img-stedtlifest-2022-09-1536x1024.jpg 1536w, https:\/\/www.nidauer-stedtlifest.ch\/wp-content\/uploads\/2023\/03\/img-stedtlifest-2022-09-2048x1365.jpg 2048w\" sizes=\"(max-width: 1024px) 100vw, 1024px\" \/><\/figure><\/a><\/div><\/div><div class=\"dce-content-area dce-item-area\"><div class=\"dce-item dce-item_title elementor-repeater-item-cff766b\"><h2 class=\"dce-post-title\"><a href=\"https:\/\/www.nidauer-stedtlifest.ch\/fr\/visiteurs\/\">Nidauer Stedtlifest 2026<\/a><\/h2><\/div><div class=\"dce-item dce-item_content elementor-repeater-item-c37f6bd\"><div class=\"dce-post-content\">La f\u00eate du centre-ville de Nidau 2026 aura lieu du 29 au 30 mai.<\/div><\/div><\/div>\t\t\t<\/div>\n\t\t<\/article>\n\t\t\n\t\t<article class=\"post-3860 page type-page status-publish has-post-thumbnail dce-post dce-post-item dce-item-grid\" data-dce-post-id=\"3860\" data-dce-post-index=\"1\" data-post-link=\"https:\/\/www.nidauer-stedtlifest.ch\/fr\/exploitants\/\">\n\t\t\t<div class=\"dce-post-block\">\n\t\t<div class=\"dce-image-area dce-item-area\"><div class=\"dce-item dce-item_image elementor-repeater-item-a92bea0\"><a class=\"dce-post-image\" href=\"https:\/\/www.nidauer-stedtlifest.ch\/fr\/exploitants\/\"><figure data-image-ratio=\"0.67\" class=\"dce-img\"><img decoding=\"async\" width=\"1024\" height=\"683\" src=\"https:\/\/www.nidauer-stedtlifest.ch\/wp-content\/uploads\/2018\/12\/DSC04806-1024x683.jpg\" class=\"\" alt=\"Informations pour les exploitants de stand\" srcset=\"https:\/\/www.nidauer-stedtlifest.ch\/wp-content\/uploads\/2018\/12\/DSC04806-1024x683.jpg 1024w, https:\/\/www.nidauer-stedtlifest.ch\/wp-content\/uploads\/2018\/12\/DSC04806-900x600.jpg 900w, https:\/\/www.nidauer-stedtlifest.ch\/wp-content\/uploads\/2018\/12\/DSC04806-768x512.jpg 768w, https:\/\/www.nidauer-stedtlifest.ch\/wp-content\/uploads\/2018\/12\/DSC04806-1080x720.jpg 1080w, https:\/\/www.nidauer-stedtlifest.ch\/wp-content\/uploads\/2018\/12\/DSC04806.jpg 1500w\" sizes=\"(max-width: 1024px) 100vw, 1024px\" \/><\/figure><\/a><\/div><\/div><div class=\"dce-content-area dce-item-area\"><div class=\"dce-item dce-item_title elementor-repeater-item-cff766b\"><h2 class=\"dce-post-title\"><a href=\"https:\/\/www.nidauer-stedtlifest.ch\/fr\/exploitants\/\">Informations pour les exploitants de stand<\/a><\/h2><\/div><div class=\"dce-item dce-item_content elementor-repeater-item-c37f6bd\"><div class=\"dce-post-content\">La date limite de d\u00e9p\u00f4t des candidatures est d\u00e9pass\u00e9e.<\/div><\/div><\/div>\t\t\t<\/div>\n\t\t<\/article>\n\t\t\n\t\t<article class=\"post-3866 page type-page status-publish has-post-thumbnail dce-post dce-post-item dce-item-grid\" data-dce-post-id=\"3866\" data-dce-post-index=\"2\" data-post-link=\"https:\/\/www.nidauer-stedtlifest.ch\/fr\/zibelemaerit-2026\/\">\n\t\t\t<div class=\"dce-post-block\">\n\t\t<div class=\"dce-image-area dce-item-area\"><div class=\"dce-item dce-item_image elementor-repeater-item-a92bea0\"><a class=\"dce-post-image\" href=\"https:\/\/www.nidauer-stedtlifest.ch\/fr\/zibelemaerit-2026\/\"><figure data-image-ratio=\"0.67\" class=\"dce-img\"><img decoding=\"async\" width=\"1024\" height=\"768\" src=\"https:\/\/www.nidauer-stedtlifest.ch\/wp-content\/uploads\/2023\/03\/img-zibelemaerit-2022-01-1024x768.jpg\" class=\"\" alt=\"Zibelem\u00e4rit 2026\" srcset=\"https:\/\/www.nidauer-stedtlifest.ch\/wp-content\/uploads\/2023\/03\/img-zibelemaerit-2022-01-1024x768.jpg 1024w, https:\/\/www.nidauer-stedtlifest.ch\/wp-content\/uploads\/2023\/03\/img-zibelemaerit-2022-01-900x675.jpg 900w, https:\/\/www.nidauer-stedtlifest.ch\/wp-content\/uploads\/2023\/03\/img-zibelemaerit-2022-01-768x576.jpg 768w, https:\/\/www.nidauer-stedtlifest.ch\/wp-content\/uploads\/2023\/03\/img-zibelemaerit-2022-01-1536x1152.jpg 1536w, https:\/\/www.nidauer-stedtlifest.ch\/wp-content\/uploads\/2023\/03\/img-zibelemaerit-2022-01.jpg 2048w\" sizes=\"(max-width: 1024px) 100vw, 1024px\" \/><\/figure><\/a><\/div><\/div><div class=\"dce-content-area dce-item-area\"><div class=\"dce-item dce-item_title elementor-repeater-item-cff766b\"><h2 class=\"dce-post-title\"><a href=\"https:\/\/www.nidauer-stedtlifest.ch\/fr\/zibelemaerit-2026\/\">Zibelem\u00e4rit 2026<\/a><\/h2><\/div><div class=\"dce-item dce-item_content elementor-repeater-item-c37f6bd\"><div class=\"dce-post-content\">Le prochain Zibelem\u00e4rit de Nidau aura lieu le 24 octobre 2026. Veuillez arriver \u00e0 pied, \u00e0 v\u00e9lo ou en transports publics. Il n'y a pas de places de parking pour les visiteurs.<\/div><\/div><\/div>\t\t\t<\/div>\n\t\t<\/article>\n\t\t\n\t\t<article class=\"post-3872 page type-page status-publish has-post-thumbnail dce-post dce-post-item dce-item-grid\" data-dce-post-id=\"3872\" data-dce-post-index=\"3\" data-post-link=\"https:\/\/www.nidauer-stedtlifest.ch\/fr\/sponsoring\/\">\n\t\t\t<div class=\"dce-post-block\">\n\t\t<div class=\"dce-image-area dce-item-area\"><div class=\"dce-item dce-item_image elementor-repeater-item-a92bea0\"><a class=\"dce-post-image\" href=\"https:\/\/www.nidauer-stedtlifest.ch\/fr\/sponsoring\/\"><figure data-image-ratio=\"0.67\" class=\"dce-img\"><img loading=\"lazy\" decoding=\"async\" width=\"1024\" height=\"683\" src=\"https:\/\/www.nidauer-stedtlifest.ch\/wp-content\/uploads\/2023\/01\/img-nidauer-stedtlifest-2018-4888-1024x683.jpg\" class=\"\" alt=\"Sponsoring\" srcset=\"https:\/\/www.nidauer-stedtlifest.ch\/wp-content\/uploads\/2023\/01\/img-nidauer-stedtlifest-2018-4888-1024x683.jpg 1024w, https:\/\/www.nidauer-stedtlifest.ch\/wp-content\/uploads\/2023\/01\/img-nidauer-stedtlifest-2018-4888-900x600.jpg 900w, https:\/\/www.nidauer-stedtlifest.ch\/wp-content\/uploads\/2023\/01\/img-nidauer-stedtlifest-2018-4888-768x512.jpg 768w, https:\/\/www.nidauer-stedtlifest.ch\/wp-content\/uploads\/2023\/01\/img-nidauer-stedtlifest-2018-4888-1080x720.jpg 1080w, https:\/\/www.nidauer-stedtlifest.ch\/wp-content\/uploads\/2023\/01\/img-nidauer-stedtlifest-2018-4888-1280x853.jpg 1280w, https:\/\/www.nidauer-stedtlifest.ch\/wp-content\/uploads\/2023\/01\/img-nidauer-stedtlifest-2018-4888-980x653.jpg 980w, https:\/\/www.nidauer-stedtlifest.ch\/wp-content\/uploads\/2023\/01\/img-nidauer-stedtlifest-2018-4888-480x320.jpg 480w, https:\/\/www.nidauer-stedtlifest.ch\/wp-content\/uploads\/2023\/01\/img-nidauer-stedtlifest-2018-4888.jpg 1500w\" sizes=\"(max-width: 1024px) 100vw, 1024px\" \/><\/figure><\/a><\/div><\/div><div class=\"dce-content-area dce-item-area\"><div class=\"dce-item dce-item_title elementor-repeater-item-cff766b\"><h2 class=\"dce-post-title\"><a href=\"https:\/\/www.nidauer-stedtlifest.ch\/fr\/sponsoring\/\">Sponsoring<\/a><\/h2><\/div><div class=\"dce-item dce-item_content elementor-repeater-item-c37f6bd\"><div class=\"dce-post-content\">Il existe de nombreuses possibilit\u00e9s de soutenir la traditionnelle f\u00eate du printemps \u00e0 Nidau. Apprenez-en plus \u00e0 ce sujet.<\/div><\/div><\/div>\t\t\t<\/div>\n\t\t<\/article>\n\t\t\t\t\t<\/div>\n\t\t\t\t\t<\/div>\n\t\t\t\t\t\t<\/div>\n\t\t\t\t<\/div>\n\t\t\t\t<div class=\"elementor-element elementor-element-301b06b elementor-widget elementor-widget-heading\" data-id=\"301b06b\" data-element_type=\"widget\" data-e-type=\"widget\" data-widget_type=\"heading.default\">\n\t\t\t\t<div class=\"elementor-widget-container\">\n\t\t\t\t\t<h2 class=\"elementor-heading-title elementor-size-default\">Merci pour le soutien \u00e0 ...<\/h2>\t\t\t\t<\/div>\n\t\t\t\t<\/div>\n\t\t\t\t<div class=\"elementor-element elementor-element-950a6e9 elementor-widget elementor-widget-image\" data-id=\"950a6e9\" data-element_type=\"widget\" data-e-type=\"widget\" data-widget_type=\"image.default\">\n\t\t\t\t<div class=\"elementor-widget-container\">\n\t\t\t\t\t\t\t\t\t\t\t\t\t\t\t<img loading=\"lazy\" decoding=\"async\" width=\"2560\" height=\"380\" src=\"https:\/\/www.nidauer-stedtlifest.ch\/wp-content\/uploads\/2026\/04\/lay-sponsoren-balken-2026-scaled.png\" class=\"attachment-full size-full wp-image-4913\" alt=\"\" srcset=\"https:\/\/www.nidauer-stedtlifest.ch\/wp-content\/uploads\/2026\/04\/lay-sponsoren-balken-2026-scaled.png 2560w, https:\/\/www.nidauer-stedtlifest.ch\/wp-content\/uploads\/2026\/04\/lay-sponsoren-balken-2026-900x134.png 900w, https:\/\/www.nidauer-stedtlifest.ch\/wp-content\/uploads\/2026\/04\/lay-sponsoren-balken-2026-1024x152.png 1024w, https:\/\/www.nidauer-stedtlifest.ch\/wp-content\/uploads\/2026\/04\/lay-sponsoren-balken-2026-768x114.png 768w, https:\/\/www.nidauer-stedtlifest.ch\/wp-content\/uploads\/2026\/04\/lay-sponsoren-balken-2026-1536x228.png 1536w, https:\/\/www.nidauer-stedtlifest.ch\/wp-content\/uploads\/2026\/04\/lay-sponsoren-balken-2026-2048x304.png 2048w\" sizes=\"(max-width: 2560px) 100vw, 2560px\" \/>\t\t\t\t\t\t\t\t\t\t\t\t\t\t\t<\/div>\n\t\t\t\t<\/div>\n\t\t\t\t\t<\/div>\n\t\t<\/div>\n\t\t\t\t\t<\/div>\n\t\t<\/section>\n\t\t\t\t<\/div>\n\t\t","protected":false},"excerpt":{"rendered":"<p>Nidauer Stedtlifest 29 et 30 mai 2026 Nidauer Zibelem\u00e4rit Samedi 24 octobre 2026 Nidauer Stedtlifest 2026 \u2013 du 29 au 30 mai Nidauer Stedtlifest 2026 Das Nidauer Stedtlifest 2026 findet vom 29. bis 30. Mai statt. Informationen f\u00fcr StandbetreiberInnen Die Anmeldefrist f\u00fcr das n\u00e4chste Stedtlifest ist abgelaufen. Zibelem\u00e4rit 2026 Der Nidauer Zibelem\u00e4rit findet am 24. &#8230; <a title=\"Nidauer Stedtlifest\" class=\"read-more\" href=\"https:\/\/www.nidauer-stedtlifest.ch\/fr\/\" aria-label=\"En savoir plus sur Nidauer Stedtlifest\">Read more<\/a><\/p>\n","protected":false},"author":4,"featured_media":0,"parent":0,"menu_order":28,"comment_status":"closed","ping_status":"closed","template":"","meta":{"_acf_changed":false,"footnotes":""},"seitenarten":[],"class_list":["post-3868","page","type-page","status-publish"],"acf":[],"_links":{"self":[{"href":"https:\/\/www.nidauer-stedtlifest.ch\/fr\/wp-json\/wp\/v2\/pages\/3868","targetHints":{"allow":["GET"]}}],"collection":[{"href":"https:\/\/www.nidauer-stedtlifest.ch\/fr\/wp-json\/wp\/v2\/pages"}],"about":[{"href":"https:\/\/www.nidauer-stedtlifest.ch\/fr\/wp-json\/wp\/v2\/types\/page"}],"author":[{"embeddable":true,"href":"https:\/\/www.nidauer-stedtlifest.ch\/fr\/wp-json\/wp\/v2\/users\/4"}],"replies":[{"embeddable":true,"href":"https:\/\/www.nidauer-stedtlifest.ch\/fr\/wp-json\/wp\/v2\/comments?post=3868"}],"version-history":[{"count":85,"href":"https:\/\/www.nidauer-stedtlifest.ch\/fr\/wp-json\/wp\/v2\/pages\/3868\/revisions"}],"predecessor-version":[{"id":4919,"href":"https:\/\/www.nidauer-stedtlifest.ch\/fr\/wp-json\/wp\/v2\/pages\/3868\/revisions\/4919"}],"wp:attachment":[{"href":"https:\/\/www.nidauer-stedtlifest.ch\/fr\/wp-json\/wp\/v2\/media?parent=3868"}],"wp:term":[{"taxonomy":"seitenarten","embeddable":true,"href":"https:\/\/www.nidauer-stedtlifest.ch\/fr\/wp-json\/wp\/v2\/seitenarten?post=3868"}],"curies":[{"name":"wp","href":"https:\/\/api.w.org\/{rel}","templated":true}]}}